{"id":1359,"date":"2022-05-18T19:12:11","date_gmt":"2022-05-18T19:12:11","guid":{"rendered":"https:\/\/negocios.udd.cl\/doctorado\/?page_id=1359"},"modified":"2025-06-30T11:05:28","modified_gmt":"2025-06-30T15:05:28","slug":"graduados","status":"publish","type":"page","link":"https:\/\/negocios.udd.cl\/doctorado\/graduados\/","title":{"rendered":"Graduados DEN"},"content":{"rendered":"<!-- WP Block: UDD - People -->\n<section class=\"wp-block-udd-people \">\n\t<div class=\"container\">\n\t\t\t\t<header class=\"block__header\">\n\t\t\t\t\t\t\t\n<h2 class=\"wp-block-heading\">SITUACI\u00d3N ACTUAL DE NUESTROS GRADUADOS<\/h2>\n\t\t\t\t\t\t\t\t<\/header>\n\t\t\t\t<div class=\"people-cards\">\n\t\t\t\t\t<div class=\"person-card\">\n\t<a href=\"https:\/\/negocios.udd.cl\/doctorado\/persona\/auto-draft-42\/\"\n\t\tclass=\"person-card__inner js-person-modal\"\n\t\tdata-post-id=\"850\"\n\t\tdata-postid=\"850\"\n\t>\n\t\t\t<div class=\"person-card__media\">\n\t\t\t<img loading=\"lazy\" decoding=\"async\" width=\"200\" height=\"199\" src=\"https:\/\/negocios.udd.cl\/doctorado\/files\/2019\/06\/foto-aracely-soto.jpg\" class=\"person-card__image wp-post-image\" alt=\"\" srcset=\"https:\/\/negocios.udd.cl\/doctorado\/files\/2019\/06\/foto-aracely-soto.jpg 200w, https:\/\/negocios.udd.cl\/doctorado\/files\/2019\/06\/foto-aracely-soto-150x150.jpg 150w, https:\/\/negocios.udd.cl\/doctorado\/files\/2019\/06\/foto-aracely-soto-62x62.jpg 62w, https:\/\/negocios.udd.cl\/doctorado\/files\/2019\/06\/foto-aracely-soto-126x126.jpg 126w\" sizes=\"auto, (max-width: 200px) 100vw, 200px\" \/>\t\t<\/div>\n\t\t\t<div class=\"person-card__content\">\n\t\t\t<h3 class=\"person-card__name\">Aracely Soto<\/h3>\n\t\t\t\t\t<span class=\"person-card__description\">Doctora en Econom\u00eda de Negocios<\/span>\n\t\t\t\t\t<span class=\"person-card__cta\">Ver perfil<\/span>\n\t\t<\/div>\n\t<\/a>\n<\/div>\n\t\t\t\t\t<div class=\"person-card\">\n\t<a href=\"https:\/\/negocios.udd.cl\/doctorado\/persona\/auto-draft-44\/\"\n\t\tclass=\"person-card__inner js-person-modal\"\n\t\tdata-post-id=\"852\"\n\t\tdata-postid=\"852\"\n\t>\n\t\t\t<div class=\"person-card__media\">\n\t\t\t<img loading=\"lazy\" decoding=\"async\" width=\"500\" height=\"500\" src=\"https:\/\/negocios.udd.cl\/doctorado\/files\/2019\/06\/nelyda-e1560781664355-500x500.jpg\" class=\"person-card__image wp-post-image\" alt=\"\" srcset=\"https:\/\/negocios.udd.cl\/doctorado\/files\/2019\/06\/nelyda-e1560781664355-500x500.jpg 500w, https:\/\/negocios.udd.cl\/doctorado\/files\/2019\/06\/nelyda-e1560781664355-300x300.jpg 300w, https:\/\/negocios.udd.cl\/doctorado\/files\/2019\/06\/nelyda-e1560781664355-1024x1024.jpg 1024w, https:\/\/negocios.udd.cl\/doctorado\/files\/2019\/06\/nelyda-e1560781664355-150x150.jpg 150w, https:\/\/negocios.udd.cl\/doctorado\/files\/2019\/06\/nelyda-e1560781664355-768x768.jpg 768w, https:\/\/negocios.udd.cl\/doctorado\/files\/2019\/06\/nelyda-e1560781664355-62x62.jpg 62w, https:\/\/negocios.udd.cl\/doctorado\/files\/2019\/06\/nelyda-e1560781664355-1536x1536.jpg 1536w, https:\/\/negocios.udd.cl\/doctorado\/files\/2019\/06\/nelyda-e1560781664355-2048x2048.jpg 2048w, https:\/\/negocios.udd.cl\/doctorado\/files\/2019\/06\/nelyda-e1560781664355-750x750.jpg 750w, https:\/\/negocios.udd.cl\/doctorado\/files\/2019\/06\/nelyda-e1560781664355-250x250.jpg 250w, https:\/\/negocios.udd.cl\/doctorado\/files\/2019\/06\/nelyda-e1560781664355-126x126.jpg 126w\" sizes=\"auto, (max-width: 500px) 100vw, 500px\" \/>\t\t<\/div>\n\t\t\t<div class=\"person-card__content\">\n\t\t\t<h3 class=\"person-card__name\">N\u00e9lyda  Campos<\/h3>\n\t\t\t\t\t<span class=\"person-card__description\">Doctora en Econom\u00eda de Negocios<\/span>\n\t\t\t\t\t<span class=\"person-card__cta\">Ver perfil<\/span>\n\t\t<\/div>\n\t<\/a>\n<\/div>\n\t\t\t\t\t<div class=\"person-card\">\n\t<a href=\"https:\/\/negocios.udd.cl\/doctorado\/persona\/auto-draft-43\/\"\n\t\tclass=\"person-card__inner js-person-modal\"\n\t\tdata-post-id=\"851\"\n\t\tdata-postid=\"851\"\n\t>\n\t\t\t<div class=\"person-card__media\">\n\t\t\t<img loading=\"lazy\" decoding=\"async\" width=\"500\" height=\"500\" src=\"https:\/\/negocios.udd.cl\/doctorado\/files\/2019\/06\/mauricio-hernandez-e1560781425789-500x500.jpg\" class=\"person-card__image wp-post-image\" alt=\"\" srcset=\"https:\/\/negocios.udd.cl\/doctorado\/files\/2019\/06\/mauricio-hernandez-e1560781425789-500x500.jpg 500w, https:\/\/negocios.udd.cl\/doctorado\/files\/2019\/06\/mauricio-hernandez-e1560781425789-150x150.jpg 150w, https:\/\/negocios.udd.cl\/doctorado\/files\/2019\/06\/mauricio-hernandez-e1560781425789-62x62.jpg 62w, https:\/\/negocios.udd.cl\/doctorado\/files\/2019\/06\/mauricio-hernandez-e1560781425789-750x750.jpg 750w, https:\/\/negocios.udd.cl\/doctorado\/files\/2019\/06\/mauricio-hernandez-e1560781425789-250x250.jpg 250w, https:\/\/negocios.udd.cl\/doctorado\/files\/2019\/06\/mauricio-hernandez-e1560781425789-126x126.jpg 126w\" sizes=\"auto, (max-width: 500px) 100vw, 500px\" \/>\t\t<\/div>\n\t\t\t<div class=\"person-card__content\">\n\t\t\t<h3 class=\"person-card__name\">Mauricio  Hern\u00e1ndez<\/h3>\n\t\t\t\t\t<span class=\"person-card__description\">Doctor en Econom\u00eda de Negocios<\/span>\n\t\t\t\t\t<span class=\"person-card__cta\">Ver perfil<\/span>\n\t\t<\/div>\n\t<\/a>\n<\/div>\n\t\t\t\t\t<div class=\"person-card\">\n\t<a href=\"https:\/\/negocios.udd.cl\/doctorado\/persona\/auto-draft-50\/\"\n\t\tclass=\"person-card__inner js-person-modal\"\n\t\tdata-post-id=\"858\"\n\t\tdata-postid=\"858\"\n\t>\n\t\t\t<div class=\"person-card__media\">\n\t\t\t<img loading=\"lazy\" decoding=\"async\" width=\"500\" height=\"500\" src=\"https:\/\/negocios.udd.cl\/doctorado\/files\/2019\/06\/Hugo-Gomez-e1559935791296-500x500.jpg\" class=\"person-card__image wp-post-image\" alt=\"\" srcset=\"https:\/\/negocios.udd.cl\/doctorado\/files\/2019\/06\/Hugo-Gomez-e1559935791296-500x500.jpg 500w, https:\/\/negocios.udd.cl\/doctorado\/files\/2019\/06\/Hugo-Gomez-e1559935791296-300x300.jpg 300w, https:\/\/negocios.udd.cl\/doctorado\/files\/2019\/06\/Hugo-Gomez-e1559935791296-1024x1024.jpg 1024w, https:\/\/negocios.udd.cl\/doctorado\/files\/2019\/06\/Hugo-Gomez-e1559935791296-150x150.jpg 150w, https:\/\/negocios.udd.cl\/doctorado\/files\/2019\/06\/Hugo-Gomez-e1559935791296-768x768.jpg 768w, https:\/\/negocios.udd.cl\/doctorado\/files\/2019\/06\/Hugo-Gomez-e1559935791296-62x62.jpg 62w, https:\/\/negocios.udd.cl\/doctorado\/files\/2019\/06\/Hugo-Gomez-e1559935791296-1536x1536.jpg 1536w, https:\/\/negocios.udd.cl\/doctorado\/files\/2019\/06\/Hugo-Gomez-e1559935791296-2048x2048.jpg 2048w, https:\/\/negocios.udd.cl\/doctorado\/files\/2019\/06\/Hugo-Gomez-e1559935791296-750x750.jpg 750w, https:\/\/negocios.udd.cl\/doctorado\/files\/2019\/06\/Hugo-Gomez-e1559935791296-250x250.jpg 250w, https:\/\/negocios.udd.cl\/doctorado\/files\/2019\/06\/Hugo-Gomez-e1559935791296-126x126.jpg 126w\" sizes=\"auto, (max-width: 500px) 100vw, 500px\" \/>\t\t<\/div>\n\t\t\t<div class=\"person-card__content\">\n\t\t\t<h3 class=\"person-card__name\">Hugo  G\u00f3mez<\/h3>\n\t\t\t\t\t<span class=\"person-card__description\">Doctor en Econom\u00eda de Negocios<\/span>\n\t\t\t\t\t<span class=\"person-card__cta\">Ver perfil<\/span>\n\t\t<\/div>\n\t<\/a>\n<\/div>\n\t\t\t\t\t<div class=\"person-card\">\n\t<a href=\"https:\/\/negocios.udd.cl\/doctorado\/persona\/auto-draft-45\/\"\n\t\tclass=\"person-card__inner js-person-modal\"\n\t\tdata-post-id=\"853\"\n\t\tdata-postid=\"853\"\n\t>\n\t\t\t<div class=\"person-card__media\">\n\t\t\t<img loading=\"lazy\" decoding=\"async\" width=\"500\" height=\"500\" src=\"https:\/\/negocios.udd.cl\/doctorado\/files\/2019\/06\/Felipe-Chavez-e1559937962269-500x500.jpg\" class=\"person-card__image wp-post-image\" alt=\"\" srcset=\"https:\/\/negocios.udd.cl\/doctorado\/files\/2019\/06\/Felipe-Chavez-e1559937962269-500x500.jpg 500w, https:\/\/negocios.udd.cl\/doctorado\/files\/2019\/06\/Felipe-Chavez-e1559937962269-300x300.jpg 300w, https:\/\/negocios.udd.cl\/doctorado\/files\/2019\/06\/Felipe-Chavez-e1559937962269-1024x1024.jpg 1024w, https:\/\/negocios.udd.cl\/doctorado\/files\/2019\/06\/Felipe-Chavez-e1559937962269-150x150.jpg 150w, https:\/\/negocios.udd.cl\/doctorado\/files\/2019\/06\/Felipe-Chavez-e1559937962269-768x768.jpg 768w, https:\/\/negocios.udd.cl\/doctorado\/files\/2019\/06\/Felipe-Chavez-e1559937962269-62x62.jpg 62w, https:\/\/negocios.udd.cl\/doctorado\/files\/2019\/06\/Felipe-Chavez-e1559937962269-1536x1536.jpg 1536w, https:\/\/negocios.udd.cl\/doctorado\/files\/2019\/06\/Felipe-Chavez-e1559937962269-2048x2048.jpg 2048w, https:\/\/negocios.udd.cl\/doctorado\/files\/2019\/06\/Felipe-Chavez-e1559937962269-750x750.jpg 750w, https:\/\/negocios.udd.cl\/doctorado\/files\/2019\/06\/Felipe-Chavez-e1559937962269-250x250.jpg 250w, https:\/\/negocios.udd.cl\/doctorado\/files\/2019\/06\/Felipe-Chavez-e1559937962269-126x126.jpg 126w\" sizes=\"auto, (max-width: 500px) 100vw, 500px\" \/>\t\t<\/div>\n\t\t\t<div class=\"person-card__content\">\n\t\t\t<h3 class=\"person-card__name\">Felipe Ch\u00e1vez<\/h3>\n\t\t\t\t\t<span class=\"person-card__description\">Doctor en Econom\u00eda de Negocios<\/span>\n\t\t\t\t\t<span class=\"person-card__cta\">Ver perfil<\/span>\n\t\t<\/div>\n\t<\/a>\n<\/div>\n\t\t\t\t\t<div class=\"person-card\">\n\t<a href=\"https:\/\/negocios.udd.cl\/doctorado\/persona\/auto-draft-7\/\"\n\t\tclass=\"person-card__inner js-person-modal\"\n\t\tdata-post-id=\"642\"\n\t\tdata-postid=\"642\"\n\t>\n\t\t\t<div class=\"person-card__media\">\n\t\t\t<img loading=\"lazy\" decoding=\"async\" width=\"500\" height=\"500\" src=\"https:\/\/negocios.udd.cl\/doctorado\/files\/2019\/06\/Maria-Jose-Iba\u00f1ez-e1559936259542-500x500.jpg\" class=\"person-card__image wp-post-image\" alt=\"\" srcset=\"https:\/\/negocios.udd.cl\/doctorado\/files\/2019\/06\/Maria-Jose-Iba\u00f1ez-e1559936259542-500x500.jpg 500w, https:\/\/negocios.udd.cl\/doctorado\/files\/2019\/06\/Maria-Jose-Iba\u00f1ez-e1559936259542-300x300.jpg 300w, https:\/\/negocios.udd.cl\/doctorado\/files\/2019\/06\/Maria-Jose-Iba\u00f1ez-e1559936259542-1024x1024.jpg 1024w, https:\/\/negocios.udd.cl\/doctorado\/files\/2019\/06\/Maria-Jose-Iba\u00f1ez-e1559936259542-150x150.jpg 150w, https:\/\/negocios.udd.cl\/doctorado\/files\/2019\/06\/Maria-Jose-Iba\u00f1ez-e1559936259542-768x768.jpg 768w, https:\/\/negocios.udd.cl\/doctorado\/files\/2019\/06\/Maria-Jose-Iba\u00f1ez-e1559936259542-62x62.jpg 62w, https:\/\/negocios.udd.cl\/doctorado\/files\/2019\/06\/Maria-Jose-Iba\u00f1ez-e1559936259542-1536x1536.jpg 1536w, https:\/\/negocios.udd.cl\/doctorado\/files\/2019\/06\/Maria-Jose-Iba\u00f1ez-e1559936259542-2048x2048.jpg 2048w, https:\/\/negocios.udd.cl\/doctorado\/files\/2019\/06\/Maria-Jose-Iba\u00f1ez-e1559936259542-750x750.jpg 750w, https:\/\/negocios.udd.cl\/doctorado\/files\/2019\/06\/Maria-Jose-Iba\u00f1ez-e1559936259542-250x250.jpg 250w, https:\/\/negocios.udd.cl\/doctorado\/files\/2019\/06\/Maria-Jose-Iba\u00f1ez-e1559936259542-126x126.jpg 126w\" sizes=\"auto, (max-width: 500px) 100vw, 500px\" \/>\t\t<\/div>\n\t\t\t<div class=\"person-card__content\">\n\t\t\t<h3 class=\"person-card__name\">Mar\u00eda Jos\u00e9 Ib\u00e1\u00f1ez<\/h3>\n\t\t\t\t\t<span class=\"person-card__description\">Doctora en Econom\u00eda de Negocios<\/span>\n\t\t\t\t\t<span class=\"person-card__cta\">Ver perfil<\/span>\n\t\t<\/div>\n\t<\/a>\n<\/div>\n\t\t\t\t\t<div class=\"person-card\">\n\t<a href=\"https:\/\/negocios.udd.cl\/doctorado\/persona\/auto-draft-2\/\"\n\t\tclass=\"person-card__inner js-person-modal\"\n\t\tdata-post-id=\"612\"\n\t\tdata-postid=\"612\"\n\t>\n\t\t\t<div class=\"person-card__media\">\n\t\t\t<img loading=\"lazy\" decoding=\"async\" width=\"500\" height=\"500\" src=\"https:\/\/negocios.udd.cl\/doctorado\/files\/2019\/06\/Cristian-Guzman-2-1-e1559934634641-500x500.jpg\" class=\"person-card__image wp-post-image\" alt=\"\" srcset=\"https:\/\/negocios.udd.cl\/doctorado\/files\/2019\/06\/Cristian-Guzman-2-1-e1559934634641-500x500.jpg 500w, https:\/\/negocios.udd.cl\/doctorado\/files\/2019\/06\/Cristian-Guzman-2-1-e1559934634641-150x150.jpg 150w, https:\/\/negocios.udd.cl\/doctorado\/files\/2019\/06\/Cristian-Guzman-2-1-e1559934634641-62x62.jpg 62w, https:\/\/negocios.udd.cl\/doctorado\/files\/2019\/06\/Cristian-Guzman-2-1-e1559934634641-750x750.jpg 750w, https:\/\/negocios.udd.cl\/doctorado\/files\/2019\/06\/Cristian-Guzman-2-1-e1559934634641-250x250.jpg 250w, https:\/\/negocios.udd.cl\/doctorado\/files\/2019\/06\/Cristian-Guzman-2-1-e1559934634641-126x126.jpg 126w\" sizes=\"auto, (max-width: 500px) 100vw, 500px\" \/>\t\t<\/div>\n\t\t\t<div class=\"person-card__content\">\n\t\t\t<h3 class=\"person-card__name\">Cristi\u00e1n Guzm\u00e1n<\/h3>\n\t\t\t\t\t<span class=\"person-card__description\">Doctor en Econom\u00eda de Negocios<\/span>\n\t\t\t\t\t<span class=\"person-card__cta\">Ver perfil<\/span>\n\t\t<\/div>\n\t<\/a>\n<\/div>\n\t\t\t\t\t<div class=\"person-card\">\n\t<a href=\"https:\/\/negocios.udd.cl\/doctorado\/persona\/auto-draft-46\/\"\n\t\tclass=\"person-card__inner js-person-modal\"\n\t\tdata-post-id=\"854\"\n\t\tdata-postid=\"854\"\n\t>\n\t\t\t<div class=\"person-card__media\">\n\t\t\t<img loading=\"lazy\" decoding=\"async\" width=\"500\" height=\"500\" src=\"https:\/\/negocios.udd.cl\/doctorado\/files\/2019\/06\/Daniel-Mahn-2-e1559937685834-500x500.jpg\" class=\"person-card__image wp-post-image\" alt=\"\" srcset=\"https:\/\/negocios.udd.cl\/doctorado\/files\/2019\/06\/Daniel-Mahn-2-e1559937685834-500x500.jpg 500w, https:\/\/negocios.udd.cl\/doctorado\/files\/2019\/06\/Daniel-Mahn-2-e1559937685834-300x300.jpg 300w, https:\/\/negocios.udd.cl\/doctorado\/files\/2019\/06\/Daniel-Mahn-2-e1559937685834-1024x1024.jpg 1024w, https:\/\/negocios.udd.cl\/doctorado\/files\/2019\/06\/Daniel-Mahn-2-e1559937685834-150x150.jpg 150w, https:\/\/negocios.udd.cl\/doctorado\/files\/2019\/06\/Daniel-Mahn-2-e1559937685834-768x768.jpg 768w, https:\/\/negocios.udd.cl\/doctorado\/files\/2019\/06\/Daniel-Mahn-2-e1559937685834-62x62.jpg 62w, https:\/\/negocios.udd.cl\/doctorado\/files\/2019\/06\/Daniel-Mahn-2-e1559937685834-1536x1536.jpg 1536w, https:\/\/negocios.udd.cl\/doctorado\/files\/2019\/06\/Daniel-Mahn-2-e1559937685834-2048x2048.jpg 2048w, https:\/\/negocios.udd.cl\/doctorado\/files\/2019\/06\/Daniel-Mahn-2-e1559937685834-750x750.jpg 750w, https:\/\/negocios.udd.cl\/doctorado\/files\/2019\/06\/Daniel-Mahn-2-e1559937685834-250x250.jpg 250w, https:\/\/negocios.udd.cl\/doctorado\/files\/2019\/06\/Daniel-Mahn-2-e1559937685834-126x126.jpg 126w\" sizes=\"auto, (max-width: 500px) 100vw, 500px\" \/>\t\t<\/div>\n\t\t\t<div class=\"person-card__content\">\n\t\t\t<h3 class=\"person-card__name\">Daniel Mahn<\/h3>\n\t\t\t\t\t<span class=\"person-card__description\">Doctor en Econom\u00eda de Negocios<\/span>\n\t\t\t\t\t<span class=\"person-card__cta\">Ver perfil<\/span>\n\t\t<\/div>\n\t<\/a>\n<\/div>\n\t\t\t\t\t<div class=\"person-card\">\n\t<a href=\"https:\/\/negocios.udd.cl\/doctorado\/persona\/julian-diaz-2\/\"\n\t\tclass=\"person-card__inner js-person-modal\"\n\t\tdata-post-id=\"1112\"\n\t\tdata-postid=\"1112\"\n\t>\n\t\t\t<div class=\"person-card__media\">\n\t\t\t<img loading=\"lazy\" decoding=\"async\" width=\"500\" height=\"500\" src=\"https:\/\/negocios.udd.cl\/doctorado\/files\/2020\/05\/Foto-Alta-Definici\u00f3n-e1601995284464-500x500.jpg\" class=\"person-card__image wp-post-image\" alt=\"\" srcset=\"https:\/\/negocios.udd.cl\/doctorado\/files\/2020\/05\/Foto-Alta-Definici\u00f3n-e1601995284464-500x500.jpg 500w, https:\/\/negocios.udd.cl\/doctorado\/files\/2020\/05\/Foto-Alta-Definici\u00f3n-e1601995284464-150x150.jpg 150w, https:\/\/negocios.udd.cl\/doctorado\/files\/2020\/05\/Foto-Alta-Definici\u00f3n-e1601995284464-62x62.jpg 62w, https:\/\/negocios.udd.cl\/doctorado\/files\/2020\/05\/Foto-Alta-Definici\u00f3n-e1601995284464-750x750.jpg 750w, https:\/\/negocios.udd.cl\/doctorado\/files\/2020\/05\/Foto-Alta-Definici\u00f3n-e1601995284464-250x250.jpg 250w, https:\/\/negocios.udd.cl\/doctorado\/files\/2020\/05\/Foto-Alta-Definici\u00f3n-e1601995284464-126x126.jpg 126w\" sizes=\"auto, (max-width: 500px) 100vw, 500px\" \/>\t\t<\/div>\n\t\t\t<div class=\"person-card__content\">\n\t\t\t<h3 class=\"person-card__name\">Juli\u00e1n D\u00edaz<\/h3>\n\t\t\t\t\t<span class=\"person-card__description\">Dr. en Econom\u00eda de Negocios<\/span>\n\t\t\t\t\t<span class=\"person-card__cta\">Ver perfil<\/span>\n\t\t<\/div>\n\t<\/a>\n<\/div>\n\t\t\t\t\t<div class=\"person-card\">\n\t<a href=\"https:\/\/negocios.udd.cl\/doctorado\/persona\/auto-draft-47\/\"\n\t\tclass=\"person-card__inner js-person-modal\"\n\t\tdata-post-id=\"855\"\n\t\tdata-postid=\"855\"\n\t>\n\t\t\t<div class=\"person-card__media\">\n\t\t\t<img loading=\"lazy\" decoding=\"async\" width=\"500\" height=\"500\" src=\"https:\/\/negocios.udd.cl\/doctorado\/files\/2019\/06\/Sebastian-Barros-e1559937445713-500x500.jpg\" class=\"person-card__image wp-post-image\" alt=\"\" srcset=\"https:\/\/negocios.udd.cl\/doctorado\/files\/2019\/06\/Sebastian-Barros-e1559937445713-500x500.jpg 500w, https:\/\/negocios.udd.cl\/doctorado\/files\/2019\/06\/Sebastian-Barros-e1559937445713-300x300.jpg 300w, https:\/\/negocios.udd.cl\/doctorado\/files\/2019\/06\/Sebastian-Barros-e1559937445713-1024x1024.jpg 1024w, https:\/\/negocios.udd.cl\/doctorado\/files\/2019\/06\/Sebastian-Barros-e1559937445713-150x150.jpg 150w, https:\/\/negocios.udd.cl\/doctorado\/files\/2019\/06\/Sebastian-Barros-e1559937445713-768x768.jpg 768w, https:\/\/negocios.udd.cl\/doctorado\/files\/2019\/06\/Sebastian-Barros-e1559937445713-62x62.jpg 62w, https:\/\/negocios.udd.cl\/doctorado\/files\/2019\/06\/Sebastian-Barros-e1559937445713-1536x1536.jpg 1536w, https:\/\/negocios.udd.cl\/doctorado\/files\/2019\/06\/Sebastian-Barros-e1559937445713-2048x2048.jpg 2048w, https:\/\/negocios.udd.cl\/doctorado\/files\/2019\/06\/Sebastian-Barros-e1559937445713-750x750.jpg 750w, https:\/\/negocios.udd.cl\/doctorado\/files\/2019\/06\/Sebastian-Barros-e1559937445713-250x250.jpg 250w, https:\/\/negocios.udd.cl\/doctorado\/files\/2019\/06\/Sebastian-Barros-e1559937445713-126x126.jpg 126w\" sizes=\"auto, (max-width: 500px) 100vw, 500px\" \/>\t\t<\/div>\n\t\t\t<div class=\"person-card__content\">\n\t\t\t<h3 class=\"person-card__name\">Sebasti\u00e1n  Barros<\/h3>\n\t\t\t\t\t<span class=\"person-card__description\">Dr. en Econom\u00eda de Negocios<\/span>\n\t\t\t\t\t<span class=\"person-card__cta\">Ver perfil<\/span>\n\t\t<\/div>\n\t<\/a>\n<\/div>\n\t\t\t\t\t<div class=\"person-card\">\n\t<a href=\"https:\/\/negocios.udd.cl\/doctorado\/persona\/auto-draft-49\/\"\n\t\tclass=\"person-card__inner js-person-modal\"\n\t\tdata-post-id=\"857\"\n\t\tdata-postid=\"857\"\n\t>\n\t\t\t<div class=\"person-card__media\">\n\t\t\t<img loading=\"lazy\" decoding=\"async\" width=\"500\" height=\"500\" src=\"https:\/\/negocios.udd.cl\/doctorado\/files\/2019\/06\/Claudia-Ya\u00f1ez-e1559936030377-500x500.jpg\" class=\"person-card__image wp-post-image\" alt=\"\" srcset=\"https:\/\/negocios.udd.cl\/doctorado\/files\/2019\/06\/Claudia-Ya\u00f1ez-e1559936030377-500x500.jpg 500w, https:\/\/negocios.udd.cl\/doctorado\/files\/2019\/06\/Claudia-Ya\u00f1ez-e1559936030377-300x300.jpg 300w, https:\/\/negocios.udd.cl\/doctorado\/files\/2019\/06\/Claudia-Ya\u00f1ez-e1559936030377-1024x1024.jpg 1024w, https:\/\/negocios.udd.cl\/doctorado\/files\/2019\/06\/Claudia-Ya\u00f1ez-e1559936030377-150x150.jpg 150w, https:\/\/negocios.udd.cl\/doctorado\/files\/2019\/06\/Claudia-Ya\u00f1ez-e1559936030377-768x768.jpg 768w, https:\/\/negocios.udd.cl\/doctorado\/files\/2019\/06\/Claudia-Ya\u00f1ez-e1559936030377-62x62.jpg 62w, https:\/\/negocios.udd.cl\/doctorado\/files\/2019\/06\/Claudia-Ya\u00f1ez-e1559936030377-1536x1536.jpg 1536w, https:\/\/negocios.udd.cl\/doctorado\/files\/2019\/06\/Claudia-Ya\u00f1ez-e1559936030377-2048x2048.jpg 2048w, https:\/\/negocios.udd.cl\/doctorado\/files\/2019\/06\/Claudia-Ya\u00f1ez-e1559936030377-750x750.jpg 750w, https:\/\/negocios.udd.cl\/doctorado\/files\/2019\/06\/Claudia-Ya\u00f1ez-e1559936030377-250x250.jpg 250w, https:\/\/negocios.udd.cl\/doctorado\/files\/2019\/06\/Claudia-Ya\u00f1ez-e1559936030377-126x126.jpg 126w\" sizes=\"auto, (max-width: 500px) 100vw, 500px\" \/>\t\t<\/div>\n\t\t\t<div class=\"person-card__content\">\n\t\t\t<h3 class=\"person-card__name\">Claudia  Y\u00e1\u00f1ez<\/h3>\n\t\t\t\t\t<span class=\"person-card__description\">Dra. en Econom\u00eda de Negocios<\/span>\n\t\t\t\t\t<span class=\"person-card__cta\">Ver perfil<\/span>\n\t\t<\/div>\n\t<\/a>\n<\/div>\n\t\t\t\t\t<div class=\"person-card\">\n\t<a href=\"https:\/\/negocios.udd.cl\/doctorado\/persona\/auto-draft-52\/\"\n\t\tclass=\"person-card__inner js-person-modal\"\n\t\tdata-post-id=\"860\"\n\t\tdata-postid=\"860\"\n\t>\n\t\t\t<div class=\"person-card__media\">\n\t\t\t<img loading=\"lazy\" decoding=\"async\" width=\"500\" height=\"500\" src=\"https:\/\/negocios.udd.cl\/doctorado\/files\/2019\/06\/Ignacia-Benitez-1-e1559935859274-500x500.jpg\" class=\"person-card__image wp-post-image\" alt=\"\" srcset=\"https:\/\/negocios.udd.cl\/doctorado\/files\/2019\/06\/Ignacia-Benitez-1-e1559935859274-500x500.jpg 500w, https:\/\/negocios.udd.cl\/doctorado\/files\/2019\/06\/Ignacia-Benitez-1-e1559935859274-300x300.jpg 300w, https:\/\/negocios.udd.cl\/doctorado\/files\/2019\/06\/Ignacia-Benitez-1-e1559935859274-1024x1024.jpg 1024w, https:\/\/negocios.udd.cl\/doctorado\/files\/2019\/06\/Ignacia-Benitez-1-e1559935859274-150x150.jpg 150w, https:\/\/negocios.udd.cl\/doctorado\/files\/2019\/06\/Ignacia-Benitez-1-e1559935859274-768x768.jpg 768w, https:\/\/negocios.udd.cl\/doctorado\/files\/2019\/06\/Ignacia-Benitez-1-e1559935859274-62x62.jpg 62w, https:\/\/negocios.udd.cl\/doctorado\/files\/2019\/06\/Ignacia-Benitez-1-e1559935859274-1536x1536.jpg 1536w, https:\/\/negocios.udd.cl\/doctorado\/files\/2019\/06\/Ignacia-Benitez-1-e1559935859274-750x750.jpg 750w, https:\/\/negocios.udd.cl\/doctorado\/files\/2019\/06\/Ignacia-Benitez-1-e1559935859274-250x250.jpg 250w, https:\/\/negocios.udd.cl\/doctorado\/files\/2019\/06\/Ignacia-Benitez-1-e1559935859274-126x126.jpg 126w, https:\/\/negocios.udd.cl\/doctorado\/files\/2019\/06\/Ignacia-Benitez-1-e1559935859274.jpg 1919w\" sizes=\"auto, (max-width: 500px) 100vw, 500px\" \/>\t\t<\/div>\n\t\t\t<div class=\"person-card__content\">\n\t\t\t<h3 class=\"person-card__name\">Ignacia  Ben\u00edtez<\/h3>\n\t\t\t\t\t<span class=\"person-card__description\">Dra. en Econom\u00eda de Negocios<\/span>\n\t\t\t\t\t<span class=\"person-card__cta\">Ver perfil<\/span>\n\t\t<\/div>\n\t<\/a>\n<\/div>\n\t\t\t\t\t<div class=\"person-card\">\n\t<a href=\"https:\/\/negocios.udd.cl\/doctorado\/persona\/walter-heredia\/\"\n\t\tclass=\"person-card__inner js-person-modal\"\n\t\tdata-post-id=\"1555\"\n\t\tdata-postid=\"1555\"\n\t>\n\t\t\t<div class=\"person-card__media\">\n\t\t\t<img loading=\"lazy\" decoding=\"async\" width=\"500\" height=\"500\" src=\"https:\/\/negocios.udd.cl\/doctorado\/files\/2022\/05\/Foto-UDD-Walter-Heredia-16.05.22-500x500.jpeg\" class=\"person-card__image wp-post-image\" alt=\"\" srcset=\"https:\/\/negocios.udd.cl\/doctorado\/files\/2022\/05\/Foto-UDD-Walter-Heredia-16.05.22-500x500.jpeg 500w, https:\/\/negocios.udd.cl\/doctorado\/files\/2022\/05\/Foto-UDD-Walter-Heredia-16.05.22-150x150.jpeg 150w, https:\/\/negocios.udd.cl\/doctorado\/files\/2022\/05\/Foto-UDD-Walter-Heredia-16.05.22-62x62.jpeg 62w, https:\/\/negocios.udd.cl\/doctorado\/files\/2022\/05\/Foto-UDD-Walter-Heredia-16.05.22-750x750.jpeg 750w, https:\/\/negocios.udd.cl\/doctorado\/files\/2022\/05\/Foto-UDD-Walter-Heredia-16.05.22-250x250.jpeg 250w, https:\/\/negocios.udd.cl\/doctorado\/files\/2022\/05\/Foto-UDD-Walter-Heredia-16.05.22-126x126.jpeg 126w\" sizes=\"auto, (max-width: 500px) 100vw, 500px\" \/>\t\t<\/div>\n\t\t\t<div class=\"person-card__content\">\n\t\t\t<h3 class=\"person-card__name\">Walter Heredia<\/h3>\n\t\t\t\t\t<span class=\"person-card__description\">Dr. en Econom\u00eda de Negocios<\/span>\n\t\t\t\t\t<span class=\"person-card__cta\">Ver perfil<\/span>\n\t\t<\/div>\n\t<\/a>\n<\/div>\n\t\t\t\t<\/div>\n\t<\/div>\n<\/section>\n","protected":false},"excerpt":{"rendered":"","protected":false},"author":9192232,"featured_media":0,"parent":0,"menu_order":0,"comment_status":"closed","ping_status":"closed","template":"","meta":{"footnotes":""},"class_list":["post-1359","page","type-page","status-publish","hentry"],"yoast_head":"<!-- This site is optimized with the Yoast SEO plugin v26.9 - https:\/\/yoast.com\/product\/yoast-seo-wordpress\/ -->\n<title>Graduados DEN - Doctorado en Econom\u00eda de Negocios (Ph.D. in Business Economics)<\/title>\n<meta name=\"robots\" content=\"index, follow, max-snippet:-1, max-image-preview:large, max-video-preview:-1\" \/>\n<link rel=\"canonical\" href=\"https:\/\/negocios.udd.cl\/doctorado\/graduados\/\" \/>\n<meta property=\"og:locale\" content=\"es_ES\" \/>\n<meta property=\"og:type\" content=\"article\" \/>\n<meta property=\"og:title\" content=\"Graduados DEN - Doctorado en Econom\u00eda de Negocios (Ph.D. in Business Economics)\" \/>\n<meta property=\"og:url\" content=\"https:\/\/negocios.udd.cl\/doctorado\/graduados\/\" \/>\n<meta property=\"og:site_name\" content=\"Doctorado en Econom\u00eda de Negocios (Ph.D. in Business Economics)\" \/>\n<meta property=\"article:modified_time\" content=\"2025-06-30T15:05:28+00:00\" \/>\n<meta name=\"twitter:card\" content=\"summary_large_image\" \/>\n<meta name=\"twitter:label1\" content=\"Tiempo de lectura\" \/>\n\t<meta name=\"twitter:data1\" content=\"1 minuto\" \/>\n<script type=\"application\/ld+json\" class=\"yoast-schema-graph\">{\"@context\":\"https:\/\/schema.org\",\"@graph\":[{\"@type\":\"WebPage\",\"@id\":\"https:\/\/negocios.udd.cl\/doctorado\/graduados\/\",\"url\":\"https:\/\/negocios.udd.cl\/doctorado\/graduados\/\",\"name\":\"Graduados DEN - Doctorado en Econom\u00eda de Negocios (Ph.D. in Business Economics)\",\"isPartOf\":{\"@id\":\"https:\/\/negocios.udd.cl\/doctorado\/#website\"},\"datePublished\":\"2022-05-18T19:12:11+00:00\",\"dateModified\":\"2025-06-30T15:05:28+00:00\",\"breadcrumb\":{\"@id\":\"https:\/\/negocios.udd.cl\/doctorado\/graduados\/#breadcrumb\"},\"inLanguage\":\"es\",\"potentialAction\":[{\"@type\":\"ReadAction\",\"target\":[\"https:\/\/negocios.udd.cl\/doctorado\/graduados\/\"]}]},{\"@type\":\"BreadcrumbList\",\"@id\":\"https:\/\/negocios.udd.cl\/doctorado\/graduados\/#breadcrumb\",\"itemListElement\":[{\"@type\":\"ListItem\",\"position\":1,\"name\":\"Portada\",\"item\":\"https:\/\/negocios.udd.cl\/doctorado\/\"},{\"@type\":\"ListItem\",\"position\":2,\"name\":\"Graduados DEN\"}]},{\"@type\":\"WebSite\",\"@id\":\"https:\/\/negocios.udd.cl\/doctorado\/#website\",\"url\":\"https:\/\/negocios.udd.cl\/doctorado\/\",\"name\":\"Doctorado en Econom\u00eda de Negocios (Ph.D. in Business Economics)\",\"description\":\"Universidad del Desarrollo\",\"inLanguage\":\"es\"}]}<\/script>\n<!-- \/ Yoast SEO plugin. -->","yoast_head_json":{"title":"Graduados DEN - Doctorado en Econom\u00eda de Negocios (Ph.D. in Business Economics)","robots":{"index":"index","follow":"follow","max-snippet":"max-snippet:-1","max-image-preview":"max-image-preview:large","max-video-preview":"max-video-preview:-1"},"canonical":"https:\/\/negocios.udd.cl\/doctorado\/graduados\/","og_locale":"es_ES","og_type":"article","og_title":"Graduados DEN - Doctorado en Econom\u00eda de Negocios (Ph.D. in Business Economics)","og_url":"https:\/\/negocios.udd.cl\/doctorado\/graduados\/","og_site_name":"Doctorado en Econom\u00eda de Negocios (Ph.D. in Business Economics)","article_modified_time":"2025-06-30T15:05:28+00:00","twitter_card":"summary_large_image","twitter_misc":{"Tiempo de lectura":"1 minuto"},"schema":{"@context":"https:\/\/schema.org","@graph":[{"@type":"WebPage","@id":"https:\/\/negocios.udd.cl\/doctorado\/graduados\/","url":"https:\/\/negocios.udd.cl\/doctorado\/graduados\/","name":"Graduados DEN - Doctorado en Econom\u00eda de Negocios (Ph.D. in Business Economics)","isPartOf":{"@id":"https:\/\/negocios.udd.cl\/doctorado\/#website"},"datePublished":"2022-05-18T19:12:11+00:00","dateModified":"2025-06-30T15:05:28+00:00","breadcrumb":{"@id":"https:\/\/negocios.udd.cl\/doctorado\/graduados\/#breadcrumb"},"inLanguage":"es","potentialAction":[{"@type":"ReadAction","target":["https:\/\/negocios.udd.cl\/doctorado\/graduados\/"]}]},{"@type":"BreadcrumbList","@id":"https:\/\/negocios.udd.cl\/doctorado\/graduados\/#breadcrumb","itemListElement":[{"@type":"ListItem","position":1,"name":"Portada","item":"https:\/\/negocios.udd.cl\/doctorado\/"},{"@type":"ListItem","position":2,"name":"Graduados DEN"}]},{"@type":"WebSite","@id":"https:\/\/negocios.udd.cl\/doctorado\/#website","url":"https:\/\/negocios.udd.cl\/doctorado\/","name":"Doctorado en Econom\u00eda de Negocios (Ph.D. in Business Economics)","description":"Universidad del Desarrollo","inLanguage":"es"}]}},"_links":{"self":[{"href":"https:\/\/negocios.udd.cl\/doctorado\/wp-json\/wp\/v2\/pages\/1359","targetHints":{"allow":["GET"]}}],"collection":[{"href":"https:\/\/negocios.udd.cl\/doctorado\/wp-json\/wp\/v2\/pages"}],"about":[{"href":"https:\/\/negocios.udd.cl\/doctorado\/wp-json\/wp\/v2\/types\/page"}],"author":[{"embeddable":true,"href":"https:\/\/negocios.udd.cl\/doctorado\/wp-json\/wp\/v2\/users\/9192232"}],"replies":[{"embeddable":true,"href":"https:\/\/negocios.udd.cl\/doctorado\/wp-json\/wp\/v2\/comments?post=1359"}],"version-history":[{"count":18,"href":"https:\/\/negocios.udd.cl\/doctorado\/wp-json\/wp\/v2\/pages\/1359\/revisions"}],"predecessor-version":[{"id":2246,"href":"https:\/\/negocios.udd.cl\/doctorado\/wp-json\/wp\/v2\/pages\/1359\/revisions\/2246"}],"wp:attachment":[{"href":"https:\/\/negocios.udd.cl\/doctorado\/wp-json\/wp\/v2\/media?parent=1359"}],"curies":[{"name":"wp","href":"https:\/\/api.w.org\/{rel}","templated":true}]}}